
{"version":"1.0","provider_name":"Spr\u00e5kutvecklarna","provider_url":"https:\/\/lartorget.goteborg.se\/sprakutvecklarna","author_name":"N\u00e4tverket f\u00f6r Spr\u00e5k-, l\u00e4s- och skrivutvecklare","author_url":"https:\/\/lartorget.goteborg.se\/sprakutvecklarna\/author\/sprakutvecklarna\/","title":"L\u00e4skompetens vilar p\u00e5 tv\u00e5 ben - Spr\u00e5kutvecklarna","type":"rich","width":600,"height":338,"html":"<blockquote class=\"wp-embedded-content\" data-secret=\"xdNXUA4xSu\"><a href=\"https:\/\/lartorget.goteborg.se\/sprakutvecklarna\/2018\/10\/26\/laskompetens-vilar-pa-tva-ben\/\">L\u00e4skompetens vilar p\u00e5 tv\u00e5 ben<\/a><\/blockquote><iframe sandbox=\"allow-scripts\" security=\"restricted\" src=\"https:\/\/lartorget.goteborg.se\/sprakutvecklarna\/2018\/10\/26\/laskompetens-vilar-pa-tva-ben\/embed\/#?secret=xdNXUA4xSu\" width=\"600\" height=\"338\" title=\"\u201dL\u00e4skompetens vilar p\u00e5 tv\u00e5 ben\u201d &ndash; Spr\u00e5kutvecklarna\" data-secret=\"xdNXUA4xSu\" frameborder=\"0\" marginwidth=\"0\" marginheight=\"0\" scrolling=\"no\" class=\"wp-embedded-content\"><\/iframe><script type=\"text\/javascript\">\n\/* <![CDATA[ *\/\n\/*! This file is auto-generated *\/\n!function(d,l){\"use strict\";l.querySelector&&d.addEventListener&&\"undefined\"!=typeof URL&&(d.wp=d.wp||{},d.wp.receiveEmbedMessage||(d.wp.receiveEmbedMessage=function(e){var t=e.data;if((t||t.secret||t.message||t.value)&&!\/[^a-zA-Z0-9]\/.test(t.secret)){for(var s,r,n,a=l.querySelectorAll('iframe[data-secret=\"'+t.secret+'\"]'),o=l.querySelectorAll('blockquote[data-secret=\"'+t.secret+'\"]'),c=new RegExp(\"^https?:$\",\"i\"),i=0;i<o.length;i++)o[i].style.display=\"none\";for(i=0;i<a.length;i++)s=a[i],e.source===s.contentWindow&&(s.removeAttribute(\"style\"),\"height\"===t.message?(1e3<(r=parseInt(t.value,10))?r=1e3:~~r<200&&(r=200),s.height=r):\"link\"===t.message&&(r=new URL(s.getAttribute(\"src\")),n=new URL(t.value),c.test(n.protocol))&&n.host===r.host&&l.activeElement===s&&(d.top.location.href=t.value))}},d.addEventListener(\"message\",d.wp.receiveEmbedMessage,!1),l.addEventListener(\"DOMContentLoaded\",function(){for(var e,t,s=l.querySelectorAll(\"iframe.wp-embedded-content\"),r=0;r<s.length;r++)(t=(e=s[r]).getAttribute(\"data-secret\"))||(t=Math.random().toString(36).substring(2,12),e.src+=\"#?secret=\"+t,e.setAttribute(\"data-secret\",t)),e.contentWindow.postMessage({message:\"ready\",secret:t},\"*\")},!1)))}(window,document);\n\/\/# sourceURL=https:\/\/lartorget.goteborg.se\/sprakutvecklarna\/wp-includes\/js\/wp-embed.min.js\n\/* ]]> *\/\n<\/script>\n","thumbnail_url":"https:\/\/lartorget.goteborg.se\/sprakutvecklarna\/wp-content\/uploads\/sites\/32\/2018\/10\/children-studying-670663_1280.jpg","thumbnail_width":1280,"thumbnail_height":850,"description":"Den 19 september hade vi i n\u00e4tverket f\u00f6r Spr\u00e5k-, l\u00e4s- och skrivutvecklare bjudit in Fil. dr Tarja Alatalo f\u00f6r en dialogf\u00f6rel\u00e4sning. Tarja \u00e4r verksam vid Akademin Utbildning, h\u00e4lsa och samh\u00e4lle vid H\u00f6gskolan Dalarna och \u00e4r bland annat vetenskaplig ledare f\u00f6r det nya kartl\u00e4ggningsmaterialet i f\u00f6rskoleklass Hitta spr\u00e5ket, som blir obligatoriskt fr\u00e5n och med 1 juli [&hellip;]"}