
{"version":"1.0","provider_name":"Spr\u00e5kskatten","provider_url":"https:\/\/lartorget.goteborg.se\/sprakskatten","author_name":"Anna M\u00e5nsson Nylund","author_url":"https:\/\/lartorget.goteborg.se\/sprakskatten\/author\/anna\/","title":"L\u00e4sa bilder - Spr\u00e5kskatten","type":"rich","width":600,"height":338,"html":"<blockquote class=\"wp-embedded-content\" data-secret=\"l4p915NuZw\"><a href=\"https:\/\/lartorget.goteborg.se\/sprakskatten\/2019\/10\/01\/lasa-bilder\/\">L\u00e4sa bilder<\/a><\/blockquote><iframe sandbox=\"allow-scripts\" security=\"restricted\" src=\"https:\/\/lartorget.goteborg.se\/sprakskatten\/2019\/10\/01\/lasa-bilder\/embed\/#?secret=l4p915NuZw\" width=\"600\" height=\"338\" title=\"\u201dL\u00e4sa bilder\u201d &ndash; Spr\u00e5kskatten\" data-secret=\"l4p915NuZw\" frameborder=\"0\" marginwidth=\"0\" marginheight=\"0\" scrolling=\"no\" class=\"wp-embedded-content\"><\/iframe><script type=\"text\/javascript\">\n\/* <![CDATA[ *\/\n\/*! This file is auto-generated *\/\n!function(d,l){\"use strict\";l.querySelector&&d.addEventListener&&\"undefined\"!=typeof URL&&(d.wp=d.wp||{},d.wp.receiveEmbedMessage||(d.wp.receiveEmbedMessage=function(e){var t=e.data;if((t||t.secret||t.message||t.value)&&!\/[^a-zA-Z0-9]\/.test(t.secret)){for(var s,r,n,a=l.querySelectorAll('iframe[data-secret=\"'+t.secret+'\"]'),o=l.querySelectorAll('blockquote[data-secret=\"'+t.secret+'\"]'),c=new RegExp(\"^https?:$\",\"i\"),i=0;i<o.length;i++)o[i].style.display=\"none\";for(i=0;i<a.length;i++)s=a[i],e.source===s.contentWindow&&(s.removeAttribute(\"style\"),\"height\"===t.message?(1e3<(r=parseInt(t.value,10))?r=1e3:~~r<200&&(r=200),s.height=r):\"link\"===t.message&&(r=new URL(s.getAttribute(\"src\")),n=new URL(t.value),c.test(n.protocol))&&n.host===r.host&&l.activeElement===s&&(d.top.location.href=t.value))}},d.addEventListener(\"message\",d.wp.receiveEmbedMessage,!1),l.addEventListener(\"DOMContentLoaded\",function(){for(var e,t,s=l.querySelectorAll(\"iframe.wp-embedded-content\"),r=0;r<s.length;r++)(t=(e=s[r]).getAttribute(\"data-secret\"))||(t=Math.random().toString(36).substring(2,12),e.src+=\"#?secret=\"+t,e.setAttribute(\"data-secret\",t)),e.contentWindow.postMessage({message:\"ready\",secret:t},\"*\")},!1)))}(window,document);\n\/\/# sourceURL=https:\/\/lartorget.goteborg.se\/sprakskatten\/wp-includes\/js\/wp-embed.min.js\n\/* ]]> *\/\n<\/script>\n","thumbnail_url":"https:\/\/lartorget.goteborg.se\/sprakskatten\/wp-content\/uploads\/sites\/9\/2019\/09\/picture-book-1983812_960_720.jpg","thumbnail_width":960,"thumbnail_height":720,"description":"Kan man l\u00e4sa bilder? Ja visst, och barn kan det s\u00e5 mycket b\u00e4ttre \u00e4n oss vuxna.\u00a0 I en tid d\u00e5 vi \u00f6versv\u00e4mmas av bildintryck \u00e4r det kanske viktigare \u00e4n n\u00e5gonsin? Jag bara \u00e4lskar att se hur skarpsinniga blickar eleverna har och hur de alltid uppt\u00e4cker detaljer i bilder som jag med mina tr\u00f6tta vuxen\u00f6gon missar. [&hellip;]"}