
{"version":"1.0","provider_name":"Spr\u00e5kskatten","provider_url":"https:\/\/lartorget.goteborg.se\/sprakskatten","author_name":"Anna M\u00e5nsson Nylund","author_url":"https:\/\/lartorget.goteborg.se\/sprakskatten\/author\/anna\/","title":"Elevernas tankar, en guldgruva! - Spr\u00e5kskatten","type":"rich","width":600,"height":338,"html":"<blockquote class=\"wp-embedded-content\" data-secret=\"0dB13o3W9H\"><a href=\"https:\/\/lartorget.goteborg.se\/sprakskatten\/2019\/01\/29\/elevernas-tankar-en-guldgruva\/\">Elevernas tankar, en guldgruva!<\/a><\/blockquote><iframe sandbox=\"allow-scripts\" security=\"restricted\" src=\"https:\/\/lartorget.goteborg.se\/sprakskatten\/2019\/01\/29\/elevernas-tankar-en-guldgruva\/embed\/#?secret=0dB13o3W9H\" width=\"600\" height=\"338\" title=\"\u201dElevernas tankar, en guldgruva!\u201d &ndash; Spr\u00e5kskatten\" data-secret=\"0dB13o3W9H\" frameborder=\"0\" marginwidth=\"0\" marginheight=\"0\" scrolling=\"no\" class=\"wp-embedded-content\"><\/iframe><script type=\"text\/javascript\">\n\/* <![CDATA[ *\/\n\/*! This file is auto-generated *\/\n!function(d,l){\"use strict\";l.querySelector&&d.addEventListener&&\"undefined\"!=typeof URL&&(d.wp=d.wp||{},d.wp.receiveEmbedMessage||(d.wp.receiveEmbedMessage=function(e){var t=e.data;if((t||t.secret||t.message||t.value)&&!\/[^a-zA-Z0-9]\/.test(t.secret)){for(var s,r,n,a=l.querySelectorAll('iframe[data-secret=\"'+t.secret+'\"]'),o=l.querySelectorAll('blockquote[data-secret=\"'+t.secret+'\"]'),c=new RegExp(\"^https?:$\",\"i\"),i=0;i<o.length;i++)o[i].style.display=\"none\";for(i=0;i<a.length;i++)s=a[i],e.source===s.contentWindow&&(s.removeAttribute(\"style\"),\"height\"===t.message?(1e3<(r=parseInt(t.value,10))?r=1e3:~~r<200&&(r=200),s.height=r):\"link\"===t.message&&(r=new URL(s.getAttribute(\"src\")),n=new URL(t.value),c.test(n.protocol))&&n.host===r.host&&l.activeElement===s&&(d.top.location.href=t.value))}},d.addEventListener(\"message\",d.wp.receiveEmbedMessage,!1),l.addEventListener(\"DOMContentLoaded\",function(){for(var e,t,s=l.querySelectorAll(\"iframe.wp-embedded-content\"),r=0;r<s.length;r++)(t=(e=s[r]).getAttribute(\"data-secret\"))||(t=Math.random().toString(36).substring(2,12),e.src+=\"#?secret=\"+t,e.setAttribute(\"data-secret\",t)),e.contentWindow.postMessage({message:\"ready\",secret:t},\"*\")},!1)))}(window,document);\n\/\/# sourceURL=https:\/\/lartorget.goteborg.se\/sprakskatten\/wp-includes\/js\/wp-embed.min.js\n\/* ]]> *\/\n<\/script>\n","thumbnail_url":"https:\/\/lartorget.goteborg.se\/sprakskatten\/wp-content\/uploads\/sites\/9\/2019\/01\/kids-470094_1920.jpg","thumbnail_width":1920,"thumbnail_height":1432,"description":"Det finns s\u00e5 mycket som \u00e4r bra och roligt med att jobba inspirerat ifr\u00e5n TCRWP. Det \u00e4r verkligen ett beforskat f\u00f6rh\u00e5llningss\u00e4tt med metodiska inslag, som jag tycker har allt f\u00f6r att undervisningen ska kunna bli framg\u00e5ngsrik. N\u00e5got som \u00e4r centralt \u00e4r att hela tiden lyfta det som \u00e4r positivt, ist\u00e4llet f\u00f6r att peka med hela [&hellip;]"}