
{"version":"1.0","provider_name":"Spr\u00e5kskatten","provider_url":"https:\/\/lartorget.goteborg.se\/sprakskatten","author_name":"Anna M\u00e5nsson Nylund","author_url":"https:\/\/lartorget.goteborg.se\/sprakskatten\/author\/anna\/","title":"Tips p\u00e5 h\u00f6gl\u00e4sning av bilderb\u00f6cker - Spr\u00e5kskatten","type":"rich","width":600,"height":338,"html":"<blockquote class=\"wp-embedded-content\" data-secret=\"JuIi9w4Z1h\"><a href=\"https:\/\/lartorget.goteborg.se\/sprakskatten\/2018\/03\/21\/tips-pa-hoglasning-av-bilderbocker\/\">Tips p\u00e5 h\u00f6gl\u00e4sning av bilderb\u00f6cker<\/a><\/blockquote><iframe sandbox=\"allow-scripts\" security=\"restricted\" src=\"https:\/\/lartorget.goteborg.se\/sprakskatten\/2018\/03\/21\/tips-pa-hoglasning-av-bilderbocker\/embed\/#?secret=JuIi9w4Z1h\" width=\"600\" height=\"338\" title=\"\u201dTips p\u00e5 h\u00f6gl\u00e4sning av bilderb\u00f6cker\u201d &ndash; Spr\u00e5kskatten\" data-secret=\"JuIi9w4Z1h\" frameborder=\"0\" marginwidth=\"0\" marginheight=\"0\" scrolling=\"no\" class=\"wp-embedded-content\"><\/iframe><script type=\"text\/javascript\">\n\/* <![CDATA[ *\/\n\/*! This file is auto-generated *\/\n!function(d,l){\"use strict\";l.querySelector&&d.addEventListener&&\"undefined\"!=typeof URL&&(d.wp=d.wp||{},d.wp.receiveEmbedMessage||(d.wp.receiveEmbedMessage=function(e){var t=e.data;if((t||t.secret||t.message||t.value)&&!\/[^a-zA-Z0-9]\/.test(t.secret)){for(var s,r,n,a=l.querySelectorAll('iframe[data-secret=\"'+t.secret+'\"]'),o=l.querySelectorAll('blockquote[data-secret=\"'+t.secret+'\"]'),c=new RegExp(\"^https?:$\",\"i\"),i=0;i<o.length;i++)o[i].style.display=\"none\";for(i=0;i<a.length;i++)s=a[i],e.source===s.contentWindow&&(s.removeAttribute(\"style\"),\"height\"===t.message?(1e3<(r=parseInt(t.value,10))?r=1e3:~~r<200&&(r=200),s.height=r):\"link\"===t.message&&(r=new URL(s.getAttribute(\"src\")),n=new URL(t.value),c.test(n.protocol))&&n.host===r.host&&l.activeElement===s&&(d.top.location.href=t.value))}},d.addEventListener(\"message\",d.wp.receiveEmbedMessage,!1),l.addEventListener(\"DOMContentLoaded\",function(){for(var e,t,s=l.querySelectorAll(\"iframe.wp-embedded-content\"),r=0;r<s.length;r++)(t=(e=s[r]).getAttribute(\"data-secret\"))||(t=Math.random().toString(36).substring(2,12),e.src+=\"#?secret=\"+t,e.setAttribute(\"data-secret\",t)),e.contentWindow.postMessage({message:\"ready\",secret:t},\"*\")},!1)))}(window,document);\n\/\/# sourceURL=https:\/\/lartorget.goteborg.se\/sprakskatten\/wp-includes\/js\/wp-embed.min.js\n\/* ]]> *\/\n<\/script>\n","thumbnail_url":"https:\/\/lartorget.goteborg.se\/sprakskatten\/wp-content\/uploads\/sites\/9\/2018\/03\/narrative-794978_1920.jpg","thumbnail_width":1920,"thumbnail_height":1080,"description":"Jag \u00e4lskar bilderb\u00f6cker och alla barn \u00e4lskar ocks\u00e5 bilderb\u00f6cker. Det g\u00e5r fint att h\u00f6gl\u00e4sa och arbeta med bilderb\u00f6cker \u00e4ven i de h\u00f6gre \u00e5ldrarna.\u00a0 Jag har till exempel haft fantastiska diskussioner kring\u00a0N\u00f6ff, n\u00f6ff Benny\u00a0av Barbro Lindgren med elever p\u00e5 mellanstadiet. Nu n\u00e4r jag arbetar n\u00e4stan uteslutande med barn som har svenska som andraspr\u00e5k \u00e4r bilderboken en [&hellip;]"}