
{"version":"1.0","provider_name":"Spr\u00e5kskatten","provider_url":"https:\/\/lartorget.goteborg.se\/sprakskatten","author_name":"Anna M\u00e5nsson Nylund","author_url":"https:\/\/lartorget.goteborg.se\/sprakskatten\/author\/anna\/","title":"Att samtala kring l\u00e4sning eller inte? - Spr\u00e5kskatten","type":"rich","width":600,"height":338,"html":"<blockquote class=\"wp-embedded-content\" data-secret=\"PIuN5xz3K6\"><a href=\"https:\/\/lartorget.goteborg.se\/sprakskatten\/2017\/11\/06\/att-samtala-kring-lasning-eller-inte\/\">Att samtala kring l\u00e4sning eller inte?<\/a><\/blockquote><iframe sandbox=\"allow-scripts\" security=\"restricted\" src=\"https:\/\/lartorget.goteborg.se\/sprakskatten\/2017\/11\/06\/att-samtala-kring-lasning-eller-inte\/embed\/#?secret=PIuN5xz3K6\" width=\"600\" height=\"338\" title=\"\u201dAtt samtala kring l\u00e4sning eller inte?\u201d &ndash; Spr\u00e5kskatten\" data-secret=\"PIuN5xz3K6\" frameborder=\"0\" marginwidth=\"0\" marginheight=\"0\" scrolling=\"no\" class=\"wp-embedded-content\"><\/iframe><script type=\"text\/javascript\">\n\/* <![CDATA[ *\/\n\/*! This file is auto-generated *\/\n!function(d,l){\"use strict\";l.querySelector&&d.addEventListener&&\"undefined\"!=typeof URL&&(d.wp=d.wp||{},d.wp.receiveEmbedMessage||(d.wp.receiveEmbedMessage=function(e){var t=e.data;if((t||t.secret||t.message||t.value)&&!\/[^a-zA-Z0-9]\/.test(t.secret)){for(var s,r,n,a=l.querySelectorAll('iframe[data-secret=\"'+t.secret+'\"]'),o=l.querySelectorAll('blockquote[data-secret=\"'+t.secret+'\"]'),c=new RegExp(\"^https?:$\",\"i\"),i=0;i<o.length;i++)o[i].style.display=\"none\";for(i=0;i<a.length;i++)s=a[i],e.source===s.contentWindow&&(s.removeAttribute(\"style\"),\"height\"===t.message?(1e3<(r=parseInt(t.value,10))?r=1e3:~~r<200&&(r=200),s.height=r):\"link\"===t.message&&(r=new URL(s.getAttribute(\"src\")),n=new URL(t.value),c.test(n.protocol))&&n.host===r.host&&l.activeElement===s&&(d.top.location.href=t.value))}},d.addEventListener(\"message\",d.wp.receiveEmbedMessage,!1),l.addEventListener(\"DOMContentLoaded\",function(){for(var e,t,s=l.querySelectorAll(\"iframe.wp-embedded-content\"),r=0;r<s.length;r++)(t=(e=s[r]).getAttribute(\"data-secret\"))||(t=Math.random().toString(36).substring(2,12),e.src+=\"#?secret=\"+t,e.setAttribute(\"data-secret\",t)),e.contentWindow.postMessage({message:\"ready\",secret:t},\"*\")},!1)))}(window,document);\n\/\/# sourceURL=https:\/\/lartorget.goteborg.se\/sprakskatten\/wp-includes\/js\/wp-embed.min.js\n\/* ]]> *\/\n<\/script>\n","thumbnail_url":"https:\/\/lartorget.goteborg.se\/sprakskatten\/wp-content\/uploads\/sites\/9\/2017\/10\/library-2607146__340.jpg","thumbnail_width":509,"thumbnail_height":340,"description":"Om du som l\u00e4rare var tvungen att bara undervisa i ett \u00e4mne eller i ett delmoment i ett \u00e4mne, vad skulle du d\u00e5 v\u00e4lja? Jag skulle helt klart v\u00e4lja att undervisa om l\u00e4sning och om jag skulle tvingas smalna till det \u00e4nnu mer s\u00e5 skulle jag gladeligen kunna h\u00f6gl\u00e4sa och ha samtal kring h\u00f6gl\u00e4sningen varenda lektion."}