
{"version":"1.0","provider_name":"Spr\u00e5klIKT","provider_url":"https:\/\/lartorget.goteborg.se\/spraklikt","author_name":"Cecilia Lind","author_url":"https:\/\/lartorget.goteborg.se\/spraklikt\/author\/cecilia\/","title":"Djupl\u00e4sningen - use it or lose it! - Spr\u00e5klIKT","type":"rich","width":600,"height":338,"html":"<blockquote class=\"wp-embedded-content\" data-secret=\"vMKhK7D5QZ\"><a href=\"https:\/\/lartorget.goteborg.se\/spraklikt\/2018\/09\/09\/djuplasningen-use-it-or-lose-it\/\">Djupl\u00e4sningen &#8211; use it or lose it!<\/a><\/blockquote><iframe sandbox=\"allow-scripts\" security=\"restricted\" src=\"https:\/\/lartorget.goteborg.se\/spraklikt\/2018\/09\/09\/djuplasningen-use-it-or-lose-it\/embed\/#?secret=vMKhK7D5QZ\" width=\"600\" height=\"338\" title=\"\u201dDjupl\u00e4sningen &#8211; use it or lose it!\u201d &ndash; Spr\u00e5klIKT\" data-secret=\"vMKhK7D5QZ\" frameborder=\"0\" marginwidth=\"0\" marginheight=\"0\" scrolling=\"no\" class=\"wp-embedded-content\"><\/iframe><script type=\"text\/javascript\">\n\/* <![CDATA[ *\/\n\/*! This file is auto-generated *\/\n!function(d,l){\"use strict\";l.querySelector&&d.addEventListener&&\"undefined\"!=typeof URL&&(d.wp=d.wp||{},d.wp.receiveEmbedMessage||(d.wp.receiveEmbedMessage=function(e){var t=e.data;if((t||t.secret||t.message||t.value)&&!\/[^a-zA-Z0-9]\/.test(t.secret)){for(var s,r,n,a=l.querySelectorAll('iframe[data-secret=\"'+t.secret+'\"]'),o=l.querySelectorAll('blockquote[data-secret=\"'+t.secret+'\"]'),c=new RegExp(\"^https?:$\",\"i\"),i=0;i<o.length;i++)o[i].style.display=\"none\";for(i=0;i<a.length;i++)s=a[i],e.source===s.contentWindow&&(s.removeAttribute(\"style\"),\"height\"===t.message?(1e3<(r=parseInt(t.value,10))?r=1e3:~~r<200&&(r=200),s.height=r):\"link\"===t.message&&(r=new URL(s.getAttribute(\"src\")),n=new URL(t.value),c.test(n.protocol))&&n.host===r.host&&l.activeElement===s&&(d.top.location.href=t.value))}},d.addEventListener(\"message\",d.wp.receiveEmbedMessage,!1),l.addEventListener(\"DOMContentLoaded\",function(){for(var e,t,s=l.querySelectorAll(\"iframe.wp-embedded-content\"),r=0;r<s.length;r++)(t=(e=s[r]).getAttribute(\"data-secret\"))||(t=Math.random().toString(36).substring(2,12),e.src+=\"#?secret=\"+t,e.setAttribute(\"data-secret\",t)),e.contentWindow.postMessage({message:\"ready\",secret:t},\"*\")},!1)))}(window,document);\n\/\/# sourceURL=https:\/\/lartorget.goteborg.se\/spraklikt\/wp-includes\/js\/wp-embed.min.js\n\/* ]]> *\/\n<\/script>\n","thumbnail_url":"https:\/\/lartorget.goteborg.se\/spraklikt\/wp-content\/uploads\/sites\/10\/2018\/08\/L\u00e4spass.jpg","thumbnail_width":1341,"thumbnail_height":745,"description":"Som alltid vid uppstart av en ny termin finns det s\u00e5 m\u00e5nga tr\u00e5dar att dra i och beakta; att planera utifr\u00e5n det centrala inneh\u00e5llet, att b\u00e4dda f\u00f6r \u00e4mnes\u00f6vergripande samarbete samtidigt som man f\u00e5r fram det karakt\u00e4ristiska f\u00f6r det egna \u00e4mnet, att skapa goda relationer inom grupperna och s\u00e4tta goda vanor och rutiner i klassrummet f\u00f6r bara n\u00e4mna n\u00e5gra saker.\u00a0   N\u00e5got jag inte ruckar p\u00e5 \u00e4r att avs\u00e4tta tid f\u00f6r sj\u00e4lvst\u00e4ndig l\u00e4sning. Innan de 28\u00a0 eleverna i \u00e5k 6 som jag i \u00e5r undervisar i svenska och engelska fick sina Chromebooks b\u00f6rjade jag med att introducera och l\u00e4gga grunden f\u00f6r l\u00e4spasset.\u00a0   Sedan den 1:e juli g\u00e4ller som bekant digitaliseringen av skolan och\u00a0d\u00e4r grunnar jag p\u00e5 vad det inneb\u00e4r f\u00f6r l\u00e4sningens del.\u00a0Hur p\u00e5verkar digitaliseringen v\u00e5rt s\u00e4tt att l\u00e4sa och vad h\u00e4nder med djupl\u00e4sningen? Hur planerar vi f\u00f6r l\u00e4sningen i undervisningen och i vilken skepnad?\u00a0 F\u00e5r eleverna utforska texter och b\u00f6cker\u00a0i s\u00e5v\u00e4l digital som analog skepnad?"}