
{"version":"1.0","provider_name":"Spr\u00e5klIKT","provider_url":"https:\/\/lartorget.goteborg.se\/spraklikt","author_name":"Cecilia Lind","author_url":"https:\/\/lartorget.goteborg.se\/spraklikt\/author\/cecilia\/","title":"Fr\u00e5n Sommar- till H\u00f6stprat - Spr\u00e5klIKT","type":"rich","width":600,"height":338,"html":"<blockquote class=\"wp-embedded-content\" data-secret=\"7XBCyTrHOq\"><a href=\"https:\/\/lartorget.goteborg.se\/spraklikt\/2017\/11\/15\/fran-sommar-till-hostprat\/\">Fr\u00e5n Sommar- till H\u00f6stprat<\/a><\/blockquote><iframe sandbox=\"allow-scripts\" security=\"restricted\" src=\"https:\/\/lartorget.goteborg.se\/spraklikt\/2017\/11\/15\/fran-sommar-till-hostprat\/embed\/#?secret=7XBCyTrHOq\" width=\"600\" height=\"338\" title=\"\u201dFr\u00e5n Sommar- till H\u00f6stprat\u201d &ndash; Spr\u00e5klIKT\" data-secret=\"7XBCyTrHOq\" frameborder=\"0\" marginwidth=\"0\" marginheight=\"0\" scrolling=\"no\" class=\"wp-embedded-content\"><\/iframe><script type=\"text\/javascript\">\n\/* <![CDATA[ *\/\n\/*! This file is auto-generated *\/\n!function(d,l){\"use strict\";l.querySelector&&d.addEventListener&&\"undefined\"!=typeof URL&&(d.wp=d.wp||{},d.wp.receiveEmbedMessage||(d.wp.receiveEmbedMessage=function(e){var t=e.data;if((t||t.secret||t.message||t.value)&&!\/[^a-zA-Z0-9]\/.test(t.secret)){for(var s,r,n,a=l.querySelectorAll('iframe[data-secret=\"'+t.secret+'\"]'),o=l.querySelectorAll('blockquote[data-secret=\"'+t.secret+'\"]'),c=new RegExp(\"^https?:$\",\"i\"),i=0;i<o.length;i++)o[i].style.display=\"none\";for(i=0;i<a.length;i++)s=a[i],e.source===s.contentWindow&&(s.removeAttribute(\"style\"),\"height\"===t.message?(1e3<(r=parseInt(t.value,10))?r=1e3:~~r<200&&(r=200),s.height=r):\"link\"===t.message&&(r=new URL(s.getAttribute(\"src\")),n=new URL(t.value),c.test(n.protocol))&&n.host===r.host&&l.activeElement===s&&(d.top.location.href=t.value))}},d.addEventListener(\"message\",d.wp.receiveEmbedMessage,!1),l.addEventListener(\"DOMContentLoaded\",function(){for(var e,t,s=l.querySelectorAll(\"iframe.wp-embedded-content\"),r=0;r<s.length;r++)(t=(e=s[r]).getAttribute(\"data-secret\"))||(t=Math.random().toString(36).substring(2,12),e.src+=\"#?secret=\"+t,e.setAttribute(\"data-secret\",t)),e.contentWindow.postMessage({message:\"ready\",secret:t},\"*\")},!1)))}(window,document);\n\/\/# sourceURL=https:\/\/lartorget.goteborg.se\/spraklikt\/wp-includes\/js\/wp-embed.min.js\n\/* ]]> *\/\n<\/script>\n","thumbnail_url":"https:\/\/lartorget.goteborg.se\/spraklikt\/wp-content\/uploads\/sites\/10\/2017\/11\/H\u00f6stprat.jpg","thumbnail_width":541,"thumbnail_height":383,"description":"Skratt, g\u00e5shud och t\u00e5rar som trillar. Mod och texter som ber\u00f6r. Genom att l\u00e5ta eleverna med hj\u00e4lp av sina r\u00f6ster ge liv \u00e5t sina texter hj\u00e4lper vi dem att f\u00f6rst\u00e5 hur muntligt och skriftligt spr\u00e5k skiljer sig \u00e5t - vilket breddar deras spr\u00e5kliga repertoar av s\u00e5v\u00e4l skriftliga och muntliga strategier. Detta \u00e4r\u00a0bara\u00a0n\u00e5gra\u00a0av anledningarna till att arbeta med P1:s Sommarprat i undervisningen.\u00a0\u00a0Har du inte anv\u00e4nt \"Sommarprat\" f\u00f6rut s\u00e5 har du n\u00e5got att se fram emot! Det finns naturligtvis v\u00e4ldigt m\u00e5nga olika\u00a0anledningar, uppl\u00e4gg och ing\u00e5ngar till\u00a0att\u00a0arbeta med Sommarprat. H\u00e4r delar jag min version och bakomliggande tankar\u00a0kring arbetsomr\u00e5det fr\u00e5n text till tal med elever i svenska \u00e5k 9."}