
{"version":"1.0","provider_name":"Spr\u00e5klIKT","provider_url":"https:\/\/lartorget.goteborg.se\/spraklikt","author_name":"Cecilia Lind","author_url":"https:\/\/lartorget.goteborg.se\/spraklikt\/author\/cecilia\/","title":"Vems r\u00f6st h\u00f6rs? - Spr\u00e5klIKT","type":"rich","width":600,"height":338,"html":"<blockquote class=\"wp-embedded-content\" data-secret=\"czricgiazb\"><a href=\"https:\/\/lartorget.goteborg.se\/spraklikt\/2017\/05\/11\/vems-rost-hors\/\">Vems r\u00f6st h\u00f6rs?<\/a><\/blockquote><iframe sandbox=\"allow-scripts\" security=\"restricted\" src=\"https:\/\/lartorget.goteborg.se\/spraklikt\/2017\/05\/11\/vems-rost-hors\/embed\/#?secret=czricgiazb\" width=\"600\" height=\"338\" title=\"\u201dVems r\u00f6st h\u00f6rs?\u201d &ndash; Spr\u00e5klIKT\" data-secret=\"czricgiazb\" frameborder=\"0\" marginwidth=\"0\" marginheight=\"0\" scrolling=\"no\" class=\"wp-embedded-content\"><\/iframe><script type=\"text\/javascript\">\n\/* <![CDATA[ *\/\n\/*! This file is auto-generated *\/\n!function(d,l){\"use strict\";l.querySelector&&d.addEventListener&&\"undefined\"!=typeof URL&&(d.wp=d.wp||{},d.wp.receiveEmbedMessage||(d.wp.receiveEmbedMessage=function(e){var t=e.data;if((t||t.secret||t.message||t.value)&&!\/[^a-zA-Z0-9]\/.test(t.secret)){for(var s,r,n,a=l.querySelectorAll('iframe[data-secret=\"'+t.secret+'\"]'),o=l.querySelectorAll('blockquote[data-secret=\"'+t.secret+'\"]'),c=new RegExp(\"^https?:$\",\"i\"),i=0;i<o.length;i++)o[i].style.display=\"none\";for(i=0;i<a.length;i++)s=a[i],e.source===s.contentWindow&&(s.removeAttribute(\"style\"),\"height\"===t.message?(1e3<(r=parseInt(t.value,10))?r=1e3:~~r<200&&(r=200),s.height=r):\"link\"===t.message&&(r=new URL(s.getAttribute(\"src\")),n=new URL(t.value),c.test(n.protocol))&&n.host===r.host&&l.activeElement===s&&(d.top.location.href=t.value))}},d.addEventListener(\"message\",d.wp.receiveEmbedMessage,!1),l.addEventListener(\"DOMContentLoaded\",function(){for(var e,t,s=l.querySelectorAll(\"iframe.wp-embedded-content\"),r=0;r<s.length;r++)(t=(e=s[r]).getAttribute(\"data-secret\"))||(t=Math.random().toString(36).substring(2,12),e.src+=\"#?secret=\"+t,e.setAttribute(\"data-secret\",t)),e.contentWindow.postMessage({message:\"ready\",secret:t},\"*\")},!1)))}(window,document);\n\/\/# sourceURL=https:\/\/lartorget.goteborg.se\/spraklikt\/wp-includes\/js\/wp-embed.min.js\n\/* ]]> *\/\n<\/script>\n","thumbnail_url":"https:\/\/lartorget.goteborg.se\/spraklikt\/wp-content\/uploads\/sites\/10\/2017\/05\/Vems-r\u00f6st-h\u00f6rs.jpg","thumbnail_width":560,"thumbnail_height":397,"description":"Vems r\u00f6st h\u00f6rs? Du, som medveten och van l\u00e4sare vet att texter inte \u00e4r neutrala. Alla texter vill n\u00e5got med oss l\u00e4sare. De har en avs\u00e4ndare, en r\u00f6st som representerar ett visst s\u00e4tt att se p\u00e5 sin omgivning och v\u00e4rlden. Just nu i denna stund anv\u00e4nder du en hel upps\u00e4ttning med olika verktyg, strategier och tidigare erfarenheter f\u00f6r att g\u00e5 in i texten och f\u00f6rst\u00e5 vems r\u00f6st som h\u00f6rs och vems r\u00f6st som \u00e4r utel\u00e4mnad. V\u00e5ra barn och ungdomar \u00e4r \u00e4nnu inte lika vana och de beh\u00f6ver st\u00f6d i att analysera olika texters r\u00f6ster och m\u00f6jlighet att se och formulera sina egna r\u00f6ster."}