
{"version":"1.0","provider_name":"Olika v\u00e4gar men samma m\u00e5l","provider_url":"https:\/\/lartorget.goteborg.se\/olika-vagar-men-samma-mal","author_name":"Jessica Bojanic","author_url":"https:\/\/lartorget.goteborg.se\/olika-vagar-men-samma-mal\/author\/jessicab\/","title":"Kontroll p\u00e5 annat vis - Olika v\u00e4gar men samma m\u00e5l","type":"rich","width":600,"height":338,"html":"<blockquote class=\"wp-embedded-content\" data-secret=\"5bySQYdjB5\"><a href=\"https:\/\/lartorget.goteborg.se\/olika-vagar-men-samma-mal\/2019\/01\/23\/kontroll-pa-annat-vis\/\">Kontroll p\u00e5 annat vis<\/a><\/blockquote><iframe sandbox=\"allow-scripts\" security=\"restricted\" src=\"https:\/\/lartorget.goteborg.se\/olika-vagar-men-samma-mal\/2019\/01\/23\/kontroll-pa-annat-vis\/embed\/#?secret=5bySQYdjB5\" width=\"600\" height=\"338\" title=\"\u201dKontroll p\u00e5 annat vis\u201d &ndash; Olika v\u00e4gar men samma m\u00e5l\" data-secret=\"5bySQYdjB5\" frameborder=\"0\" marginwidth=\"0\" marginheight=\"0\" scrolling=\"no\" class=\"wp-embedded-content\"><\/iframe><script type=\"text\/javascript\">\n\/* <![CDATA[ *\/\n\/*! This file is auto-generated *\/\n!function(d,l){\"use strict\";l.querySelector&&d.addEventListener&&\"undefined\"!=typeof URL&&(d.wp=d.wp||{},d.wp.receiveEmbedMessage||(d.wp.receiveEmbedMessage=function(e){var t=e.data;if((t||t.secret||t.message||t.value)&&!\/[^a-zA-Z0-9]\/.test(t.secret)){for(var s,r,n,a=l.querySelectorAll('iframe[data-secret=\"'+t.secret+'\"]'),o=l.querySelectorAll('blockquote[data-secret=\"'+t.secret+'\"]'),c=new RegExp(\"^https?:$\",\"i\"),i=0;i<o.length;i++)o[i].style.display=\"none\";for(i=0;i<a.length;i++)s=a[i],e.source===s.contentWindow&&(s.removeAttribute(\"style\"),\"height\"===t.message?(1e3<(r=parseInt(t.value,10))?r=1e3:~~r<200&&(r=200),s.height=r):\"link\"===t.message&&(r=new URL(s.getAttribute(\"src\")),n=new URL(t.value),c.test(n.protocol))&&n.host===r.host&&l.activeElement===s&&(d.top.location.href=t.value))}},d.addEventListener(\"message\",d.wp.receiveEmbedMessage,!1),l.addEventListener(\"DOMContentLoaded\",function(){for(var e,t,s=l.querySelectorAll(\"iframe.wp-embedded-content\"),r=0;r<s.length;r++)(t=(e=s[r]).getAttribute(\"data-secret\"))||(t=Math.random().toString(36).substring(2,12),e.src+=\"#?secret=\"+t,e.setAttribute(\"data-secret\",t)),e.contentWindow.postMessage({message:\"ready\",secret:t},\"*\")},!1)))}(window,document);\n\/\/# sourceURL=https:\/\/lartorget.goteborg.se\/olika-vagar-men-samma-mal\/wp-includes\/js\/wp-embed.min.js\n\/* ]]> *\/\n<\/script>\n","thumbnail_url":"https:\/\/lartorget.goteborg.se\/olika-vagar-men-samma-mal\/wp-content\/uploads\/sites\/29\/2018\/10\/train-2593687_1920.jpg","thumbnail_width":1920,"thumbnail_height":1276,"description":"Jag har tidigare skrivit om digitaliseringens infart i skolan, p\u00e5 jobbet, i livet ja \u00f6verallt. M\u00e5nga har \u00e5sikter, man tycker si eller s\u00e5, men faktum kvarst\u00e5r att tiden g\u00e5r oavsett vad vi tycker och t\u00e4nker och vi m\u00e5ste v\u00e4lja hur vi vill m\u00e5 p\u00e5 v\u00e5r resa mot framtiden."}