
{"version":"1.0","provider_name":"G\u00e4stbloggen","provider_url":"https:\/\/lartorget.goteborg.se\/gastbloggen","author_name":"G\u00f6ran Englund","author_url":"https:\/\/lartorget.goteborg.se\/gastbloggen\/author\/goranenglund\/","title":"Pedagogiskt ledarskap med konflikter i fokus - G\u00e4stbloggen","type":"rich","width":600,"height":338,"html":"<blockquote class=\"wp-embedded-content\" data-secret=\"wS2wqNBlY7\"><a href=\"https:\/\/lartorget.goteborg.se\/gastbloggen\/2019\/10\/09\/pedagogiskt-ledarskap-med-konflikter-i-fokus\/\">Pedagogiskt ledarskap med konflikter i fokus<\/a><\/blockquote><iframe sandbox=\"allow-scripts\" security=\"restricted\" src=\"https:\/\/lartorget.goteborg.se\/gastbloggen\/2019\/10\/09\/pedagogiskt-ledarskap-med-konflikter-i-fokus\/embed\/#?secret=wS2wqNBlY7\" width=\"600\" height=\"338\" title=\"\u201dPedagogiskt ledarskap med konflikter i fokus\u201d &ndash; G\u00e4stbloggen\" data-secret=\"wS2wqNBlY7\" frameborder=\"0\" marginwidth=\"0\" marginheight=\"0\" scrolling=\"no\" class=\"wp-embedded-content\"><\/iframe><script type=\"text\/javascript\">\n\/* <![CDATA[ *\/\n\/*! This file is auto-generated *\/\n!function(d,l){\"use strict\";l.querySelector&&d.addEventListener&&\"undefined\"!=typeof URL&&(d.wp=d.wp||{},d.wp.receiveEmbedMessage||(d.wp.receiveEmbedMessage=function(e){var t=e.data;if((t||t.secret||t.message||t.value)&&!\/[^a-zA-Z0-9]\/.test(t.secret)){for(var s,r,n,a=l.querySelectorAll('iframe[data-secret=\"'+t.secret+'\"]'),o=l.querySelectorAll('blockquote[data-secret=\"'+t.secret+'\"]'),c=new RegExp(\"^https?:$\",\"i\"),i=0;i<o.length;i++)o[i].style.display=\"none\";for(i=0;i<a.length;i++)s=a[i],e.source===s.contentWindow&&(s.removeAttribute(\"style\"),\"height\"===t.message?(1e3<(r=parseInt(t.value,10))?r=1e3:~~r<200&&(r=200),s.height=r):\"link\"===t.message&&(r=new URL(s.getAttribute(\"src\")),n=new URL(t.value),c.test(n.protocol))&&n.host===r.host&&l.activeElement===s&&(d.top.location.href=t.value))}},d.addEventListener(\"message\",d.wp.receiveEmbedMessage,!1),l.addEventListener(\"DOMContentLoaded\",function(){for(var e,t,s=l.querySelectorAll(\"iframe.wp-embedded-content\"),r=0;r<s.length;r++)(t=(e=s[r]).getAttribute(\"data-secret\"))||(t=Math.random().toString(36).substring(2,12),e.src+=\"#?secret=\"+t,e.setAttribute(\"data-secret\",t)),e.contentWindow.postMessage({message:\"ready\",secret:t},\"*\")},!1)))}(window,document);\n\/\/# sourceURL=https:\/\/lartorget.goteborg.se\/gastbloggen\/wp-includes\/js\/wp-embed.min.js\n\/* ]]> *\/\n<\/script>\n","thumbnail_url":"https:\/\/lartorget.goteborg.se\/gastbloggen\/wp-content\/uploads\/sites\/18\/2019\/10\/flash-2568381_1280.jpg","thumbnail_width":1280,"thumbnail_height":853,"description":"Det \u00e4r inte enkelt f\u00f6r skolan idag att avg\u00f6ra vad som \u00e4r en konflikt eller en p\u00e5g\u00e5ende mobbningssituation. En l\u00e4rare ska leda ett kollektiv av olika individer och samtidigt ta h\u00e4nsyn till den forskning som finns om konflikter och mobbning samt ocks\u00e5 den allt starkare juridifiering som skett i skolan. Skolan ska vila p\u00e5 vetenskaplig grund och samtidigt f\u00f6rh\u00e5lla sig till skollagen."}